{"id":1587,"date":"2018-04-17T18:46:32","date_gmt":"2018-04-17T18:46:32","guid":{"rendered":"https:\/\/autoktono.com\/nuestra-historia"},"modified":"2025-12-16T21:22:06","modified_gmt":"2025-12-16T21:22:06","slug":"nuestra-historia","status":"publish","type":"page","link":"https:\/\/autoktono.com\/es\/nuestra-historia","title":{"rendered":"Nuestra Historia"},"content":{"rendered":"<div class=\"wpb-content-wrapper\"><p>[vc_section full_width=\u00bbstretch_row_content\u00bb content_placement=\u00bbmiddle\u00bb][vc_row full_width=\u00bbstretch_row_content\u00bb content_placement=\u00bbmiddle\u00bb][vc_column width=\u00bb1\/6&#8243;][\/vc_column][vc_column width=\u00bb2\/3&#8243; css=\u00bb.vc_custom_1589323761999{background-position: center !important;background-repeat: no-repeat !important;background-size: cover !important;}\u00bb]<div class=\"wpb_content_element \"><style type=\"text\/css\">#ut_header_69f289ac0f0ba h2.section-title{ letter-spacing: 0.02em }<\/style><header id=\"ut_header_69f289ac0f0ba\" class=\"section-header  ut-no-title-linebreak-mobile ut-no-lead-linebreak-mobile pt-style-6 header-center header-tablet-center header-mobile-center\"><h2 data-title=\"NACE AUT\u00d3KTONO\"  data-responsive-font=\"section_title\" data-responsive-font-settings=\"{&quot;base-letter-spacing&quot;:0.02}\" class=\"section-title  \"><span>NACE AUT\u00d3KTONO<\/span><\/h2><div data-delay=\"0\" class=\"lead \"><p>AUT\u00d3KTONO es la creaci\u00f3n los emprendedores sociales Carlos A. Coriano y el Chef Randy Siles Leandro, primer Embajador del Plan Nacional de la Gastronom\u00eda Costarricense Sostenible y Saludable.<\/p>\n<p>Nuestra misi\u00f3n es empoderar a la nueva generaci\u00f3n de cocineros y as\u00ed transformar los sistemas alimentarios comunitarios a trav\u00e9s de una gastronom\u00eda sostenible y saludable y avanzar la soberan\u00eda alimentaria.<\/p>\n<\/div><\/header><\/div>[\/vc_column][vc_column width=\u00bb1\/6&#8243;][\/vc_column][\/vc_row][vc_row bklyn_overlay=\u00bbtrue\u00bb parallax=\u00bbcontent-moving\u00bb background_position=\u00bbcenter center\u00bb css=\u00bb.vc_custom_1589323518389{padding-top: 350px !important;padding-bottom: 350px !important;background-image: url(https:\/\/autoktono.com\/wp-content\/uploads\/2019\/02\/DL7A9792.jpg?id=4080) !important;background-position: center;background-repeat: no-repeat !important;background-size: cover !important;}\u00bb bklyn_overlay_color=\u00bbrgba(0, 0, 0, 0.64)\u00bb][vc_column][\/vc_column][\/vc_row][\/vc_section][vc_section full_width=\u00bbstretch_row_content\u00bb content_placement=\u00bbmiddle\u00bb][vc_row full_width=\u00bbstretch_row_content\u00bb content_placement=\u00bbmiddle\u00bb][vc_column width=\u00bb1\/6&#8243;][\/vc_column][vc_column width=\u00bb2\/3&#8243; css=\u00bb.vc_custom_1589323810211{background-position: center !important;background-repeat: no-repeat !important;background-size: cover !important;}\u00bb]<div class=\"wpb_content_element \"><style type=\"text\/css\">#ut_header_69f289ac13f79 h2.section-title{ letter-spacing: 0.02em }<\/style><header id=\"ut_header_69f289ac13f79\" class=\"section-header  ut-no-title-linebreak-mobile ut-no-lead-linebreak-mobile pt-style-6 header-center header-tablet-center header-mobile-center\"><h2 data-title=\"NUESTROS PRINCIPIOS\"  data-responsive-font=\"section_title\" data-responsive-font-settings=\"{&quot;base-letter-spacing&quot;:0.02}\" class=\"section-title  \"><span>NUESTROS PRINCIPIOS<\/span><\/h2><div data-delay=\"0\" class=\"lead \"><p>La filosof\u00eda de AUT\u00d3KTONO est\u00e1 centrada en los siguientes principios:<\/p>\n<p>1. Proteger y respetar nuestros recursos naturales<\/p>\n<p>2. Protecci\u00f3n de la identidad cultural y el patrimonio culinario<\/p>\n<p>3. Promover la investigaci\u00f3n y la innovaci\u00f3n basadas en ingredientes aut\u00f3ctonos<\/p>\n<p>4. Educar y transferir la riqueza culinaria<\/p>\n<p>5. Proteger y mejorar lo social; econ\u00f3mico; ambiental; salud; nutrici\u00f3n y bienestar del destino local.<\/p>\n<\/div><\/header><\/div>[\/vc_column][vc_column width=\u00bb1\/6&#8243;][\/vc_column][\/vc_row][vc_row bklyn_overlay=\u00bbtrue\u00bb parallax=\u00bbcontent-moving\u00bb background_position=\u00bbcenter center\u00bb css=\u00bb.vc_custom_1589323668438{padding-top: 350px !important;padding-bottom: 350px !important;background-image: url(https:\/\/autoktono.com\/wp-content\/uploads\/2019\/02\/DL7A9778.jpg?id=4076) !important;background-position: center;background-repeat: no-repeat !important;background-size: cover !important;}\u00bb bklyn_overlay_color=\u00bbrgba(0, 0, 0, 0.64)\u00bb][vc_column][\/vc_column][\/vc_row][\/vc_section][vc_section][vc_row][vc_column]<div class=\"wpb_content_element \"><style type=\"text\/css\"><\/style><header id=\"ut_header_69f289ac148fb\" class=\"section-header  ut-no-title-linebreak-mobile ut-no-lead-linebreak-mobile pt-style-1 header-center header-tablet-center header-mobile-center\"><h2 data-title=\"EL EQUIPO\"  data-responsive-font=\"section_title\" class=\"bklyn-divider-styles bklyn-divider-style-1 section-title \"><span>EL EQUIPO<\/span><\/h2><\/header><\/div>[\/vc_column][\/vc_row][vc_row][vc_column width=\u00bb1\/2&#8243;]<div class=\"wpb_content_element \"><style type=\"text\/css\">#ut_tm_69f289ac574ad.bklyn-team-member-style-5 { background: #ffcc00; }#ut_tm_69f289ac574ad .bklyn-team-member-name { color: #ffffff; }#ut_tm_69f289ac574ad .bklyn-team-member-ocupation { color: #ffffff; }#ut_tm_69f289ac574ad .bklyn-team-member-ocupation { font-weight: normal; }#ut_tm_69f289ac574ad .bklyn-team-member-description { color: #ffffff; }#ut_tm_69f289ac574ad .bklyn-team-member-social-icons a:hover { color: rgba(255, 204, 0, 1); }#ut_tm_69f289ac574ad .bklyn-team-member-social-icons a:focus { color: rgba(255, 204, 0, 1); }#ut_tm_69f289ac574ad .bklyn-team-member-social-icons a:active { color: rgba(255, 204, 0, 1); }<\/style><div id=\"ut_tm_69f289ac574ad\" class=\"bklyn-team-member bklyn-team-member-style-5  bklyn-team-member-center\"><div class=\"bklyn-team-member-avatar \"><img decoding=\"async\" alt=\"Classic-Portrait-randy-siles_web\" class=\"ut-lozad\" src=\"data:image\/svg+xml;charset=utf-8,%3Csvg xmlns%3D'http%3A%2F%2Fwww.w3.org%2F2000%2Fsvg' viewBox%3D'0 0 1300 867'%2F%3E\" data-src=\"https:\/\/i0.wp.com\/autoktono.com\/wp-content\/uploads\/2018\/11\/Classic-Portrait-randy-siles_web.jpg?resize=1300%2C867&#038;ssl=1\"><\/div><div class=\"bklyn-team-member-style-5-content-wrap\"><div class=\"bklyn-team-member-info \"><h3 class=\"bklyn-team-member-name\">RANDY SILES<\/h3><\/div><\/div><\/div><\/div>[\/vc_column][vc_column width=\u00bb1\/2&#8243;][vc_custom_heading text=\u00bbRANDY SILES, Cofundador\u00bb font_container=\u00bbtag:h2|font_size:24px|text_align:left|color:%23000000&#8243; google_fonts=\u00bbfont_family:Catamaran%3A100%2C200%2C300%2Cregular%2C500%2C600%2C700%2C800%2C900|font_style:500%20bold%20regular%3A500%3Anormal\u00bb][vc_column_text]La identidad gastron\u00f3mica de Randy Siles se enfoca en el estudio, la investigaci\u00f3n y conservaci\u00f3n de los ingredientes y t\u00e9cnicas ancestrales de la cocina costarricense y revitalizar productos que no son utilizados. El objetivo en cada creaci\u00f3n es mantener la esencia de la materia prima y resaltar la identidad culinaria local. Su filosof\u00eda culinaria se basa en una cocina de autor innovadora con identidad costarricense y el concepto Kil\u00f3metro Cero.<\/p>\n<p>Randy Siles es el cofundador de <a href=\"https:\/\/autoktono.com\/es\">Aut\u00f3ktono<\/a>, la primera plataforma de su clase en Costa Rica con la misi\u00f3n de inspirar, educar y empoderar a la nueva generaci\u00f3n de cocineros y as\u00ed transformar los sistemas alimentarios locales, comunitarios mediante una gastronom\u00eda sostenible y saludable y avanzar la soberan\u00eda alimentaria. Siles es el fundador de <a href=\"https:\/\/artesanosdelagastronomia.org\/\">Artesanos de la Gastronom\u00eda<\/a>, una organizaci\u00f3n sin fines de lucro con la misi\u00f3n de identificar, capacitar, desarrollar y facilitar la inserci\u00f3n laboral para j\u00f3venes talentosos con recursos y oportunidades econ\u00f3micas limitadas en el mercado laboral del sector gastron\u00f3mico-hotelero.<\/p>\n<p>En 2024, Randy Siles fue nombrado embajador de la marca Pa\u00eds ESENCIAL Costa Rica. Este reconocimiento resalta su trayectoria en la promoci\u00f3n de la cocina costarricense sustentable y saludable, as\u00ed como su dedicaci\u00f3n a los valores de la marca que representan a Costa Rica en el escenario internacional. Como l\u00edder en la escena culinaria tanto a nivel nacional como internacional, Randy Siles ha enfocado su trabajo en elevar la cocina costarricense a est\u00e1ndares internacionales de calidad y creatividad.<\/p>\n<p>Randy Siles es el Director Culinario de Enjoy Group, una empresa hotelera con m\u00e1s de 40 a\u00f1os de experiencia dedicada al desarrollo y gesti\u00f3n de hoteles, restaurantes, casinos y proyectos tur\u00edsticos en Costa Rica\u2014incluyendo los hoteles exclusivos El Mangroove, Autograph Collection y el Hotel Punta Islita\u2014y en toda Centroam\u00e9rica. En 2023, Siles dirigi\u00f3 la primera edici\u00f3n del Congreso Gastron\u00f3mico Sostenible Costa Rica 2023 creado por Enjoy Hotels. El simposio fue el primero de su tipo en Costa Rica en contar con chefs con estrellas Michelin. En adici\u00f3n, Siles lanz\u00f3 la Academia Culinaria Enjoy Hotels.<\/p>\n<p>En 2021, Aut\u00f3ktono forj\u00f3 una alianza con el Ministerio de Justicia y Paz de Costa Rica para ofrecer el primer curso en su clase de Gastronom\u00eda Sostenible y Saludable a los j\u00f3venes que se encuentran privados de libertad en el Centro de Formaci\u00f3n Juvenil Zurqu\u00ed, Heredia.<\/p>\n<p>En 2020, Siles se uni\u00f3 al Hotel Punta Islita, parte de Enjoy Group. Como Gerente Gastron\u00f3mico y Chef Ejecutivo, Siles cre\u00f3 y lanz\u00f3 &#8216;Agro-Marino&#8217;\u2014un nuevo concepto gastron\u00f3mico definido como un estilo de vida enfocado en dise\u00f1ar experiencias gastron\u00f3micas \u00fanicas a trav\u00e9s de una cocina humanitaria con identidad e impacto social y ecol\u00f3gico positivo que, a trav\u00e9s de una conciencia hol\u00edstica, busca dejar huellas positivas en su entorno. En el mismo a\u00f1o, Randy Siles y Aut\u00f3ktono fueron invitados a unirse a la campa\u00f1a <a href=\"http:\/\/sdg2advocacyhub.org\/actions\/2020for2020\">2020for2020<\/a>\u2014un movimiento global de chefs en asociaci\u00f3n con el <a href=\"https:\/\/www.food4ever.org\/person\/chef\/randy-siles\/\">Food Forever Initiative<\/a> y el Chefs\u2019 Manifesto que tiene como objetivo reunir m\u00e1s de 2,020 chefs de todo el mundo para inspirar mejores formas de cocinar, comer y abogar por la conservaci\u00f3n de la biodiversidad para 2020 y crear un futuro m\u00e1s diverso, sostenible y delicioso.<\/p>\n<p>&nbsp;<\/p>\n<h4><strong>PREMIOS Y GALARDONES<\/strong><\/h4>\n<ul>\n<li>Chef y orador en HIC Ibiza Summit 2025<\/li>\n<li>Chef y orador de la octava edici\u00f3n de Or\u00edgenes Gran Canaria Me Gusta, 2025<\/li>\n<li>Chef Invitado Destacado en el 29\u00b0 Festival Gourmet Internacional 2024, Puerto Vallarta, Jalisco<\/li>\n<li>Otorgado el prestigioso Premio Aportes al Mejoramiento de la Calidad de Vida 2024<\/li>\n<li>Embajador de la marca ESENCIAL Costa Rica, 2024<\/li>\n<li>Director, Anfitri\u00f3n y Orador del Congreso Gastron\u00f3mico Sostenible Costa Rica 2023 creado por Enjoy Hotels. El simposio fue el primero de su tipo en Costa Rica en contar con chefs con estrellas Michelin.<\/li>\n<li>Orador y Chef invitado, Diego And Friends, 2023<\/li>\n<li>Lanzamiento y Director de la Academia Culinaria\u00a0Enjoy\u00a0Hotels, 2023<\/li>\n<li>Chef invitado en Congreso Internacional de Gastronom\u00eda Saludable y Sostenible \u201cGastronomix\u201d<\/li>\n<li>Orador invitado en Vallarta Nayarit Gastron\u00f3mica, 2022<\/li>\n<li>Primer chef de las Am\u00e9ricas en ser nombrado presidente del prestigioso International-Club Les Toques Blanches, 2022<\/li>\n<li>Orador invitado en la 6ta Conferencia Internacional de Turismo Sostenible: Planeta, Personas, Paz \u2013 P3, 2020<\/li>\n<li>Orador invitado en el Festival Gastron\u00f3mico de Cocina Sostenible en el marco de PLANETA 21 celebrando en Colombia, 2020<\/li>\n<li>Instalado en el Disciples d\u2019Escoffier International en Francia, 2019<\/li>\n<li>Instalado en el prestigioso Club Internacional Les Toques Blanches en Francia, convirti\u00e9ndose en el primer chef latinoamericano en recibir este prestigioso reconocimiento, 2018<\/li>\n<li>Exhibi\u00f3 la gastronom\u00eda costarricense en el restaurante de tres estrellas Michelin, Christophe Bacqui\u00e9, convirti\u00e9ndose en el primer chef tico en cocinar en compa\u00f1\u00eda de prestigiosos chefs franceses con estrellas Michelin, 2018<\/li>\n<li>Nombrado Chef Embajador de Costa Rica del prestigioso Cook &amp; Chef Institute, 2018<\/li>\n<li>Nombrado entre los \u201cm\u00e1s creativos de Am\u00e9rica Central\u201d en 2017 y 2018 por la revista Forbes \u2013 Centroam\u00e9rica<\/li>\n<li>Nombrado entre los 50 mejores chefs del mundo por el Miami Food and Wine Festival 2017, junto al reconocido chef italiano Massimo Bottura y el legendario \u00abIron Chef\u00bb japon\u00e9s Masaharu Morimoto.<\/li>\n<li>Primer chef latinoamericano en participar en el New York Times Travel Show, 2017<\/li>\n<li>Nombrado primer Embajador del Plan Nacional de Gastronom\u00eda Costarricense Sostenible y Saludable, 2015<\/li>\n<\/ul>\n<p>[\/vc_column_text]<div class=\"wpb_content_element   clearfix\"><style type=\"text\/css\">#ut_ig_69f289ac575e6 .ut-lazy:not(.ut-image-loaded) + .ut-video-module-loading { display:block; }#ut_ig_69f289ac575e6 .ut-lazy.ut-image-loaded + .ut-video-module-loading { display:none; }<\/style><div id=\"ut_ig_69f289ac575e6\" class=\"ut-image-gallery ut-image-gallery-module  clearfix\" data-settings=\"{&quot;animate&quot;:true,&quot;effect&quot;:&quot;&quot;,&quot;lazy&quot;:true,&quot;delay_animation&quot;:false,&quot;global_delay_animation&quot;:false,&quot;delay_timer&quot;:100,&quot;global_delay_timer&quot;:100}\" ><div  data-count=\"3\" class=\"ut-image-gallery-item ut-animation-done grid-50 tablet-grid-50 mobile-grid-100\"><a  class=\"ut-vc-images-lightbox ut-vc-images-lightbox-group-image\"  data-exthumbimage=\"https:\/\/i0.wp.com\/autoktono.com\/wp-content\/uploads\/2019\/02\/logo-e1708206175626.png?resize=200%2C200&#038;ssl=1\" href=\"https:\/\/i0.wp.com\/autoktono.com\/wp-content\/uploads\/2019\/02\/logo-e1708206175626.png?fit=490%2C488&#038;ssl=1\" ><div class=\"ut-image-gallery-image\" ><img loading=\"lazy\" decoding=\"async\"  class=\" ut-lazy skip-lazy\" src=\"data:image\/svg+xml;charset=utf-8,%3Csvg xmlns%3D'http%3A%2F%2Fwww.w3.org%2F2000%2Fsvg' viewBox%3D'0 0 490 488'%2F%3E\" data-src=\"https:\/\/i0.wp.com\/autoktono.com\/wp-content\/uploads\/2019\/02\/logo-e1708206175626.png?fit=490%2C488&#038;ssl=1\" width=\"490\" height=\"488\"><\/div><\/a><\/div><div  data-count=\"1\" class=\"ut-image-gallery-item ut-animation-done ut-animation-done grid-50 tablet-grid-50 mobile-grid-100 ut-desktop-last\"><a  class=\"ut-vc-images-lightbox ut-vc-images-lightbox-group-image\"  data-exthumbimage=\"https:\/\/i0.wp.com\/autoktono.com\/wp-content\/uploads\/2018\/04\/intro_imagen1-1.png?resize=200%2C193&#038;ssl=1\" href=\"https:\/\/i0.wp.com\/autoktono.com\/wp-content\/uploads\/2018\/04\/intro_imagen1-1.png?fit=271%2C193&#038;ssl=1\" ><div class=\"ut-image-gallery-image\" ><img loading=\"lazy\" decoding=\"async\"  class=\" ut-lazy skip-lazy\" src=\"data:image\/svg+xml;charset=utf-8,%3Csvg xmlns%3D'http%3A%2F%2Fwww.w3.org%2F2000%2Fsvg' viewBox%3D'0 0 271 193'%2F%3E\" data-src=\"https:\/\/i0.wp.com\/autoktono.com\/wp-content\/uploads\/2018\/04\/intro_imagen1-1.png?fit=271%2C193&#038;ssl=1\" width=\"271\" height=\"193\"><\/div><\/a><\/div><div class=\"clear hide-on-tablet\"><\/div><div  data-count=\"1\" class=\"ut-image-gallery-item ut-animation-done ut-animation-done ut-animation-done grid-50 tablet-grid-50 mobile-grid-100\"><a  class=\"ut-vc-images-lightbox ut-vc-images-lightbox-group-image\"  data-exthumbimage=\"https:\/\/i0.wp.com\/autoktono.com\/wp-content\/uploads\/2018\/04\/artesanos-web.png?resize=200%2C82&#038;ssl=1\" href=\"https:\/\/i0.wp.com\/autoktono.com\/wp-content\/uploads\/2018\/04\/artesanos-web.png?fit=288%2C82&#038;ssl=1\" ><div class=\"ut-image-gallery-image\" ><img loading=\"lazy\" decoding=\"async\"  class=\" ut-lazy skip-lazy\" src=\"data:image\/svg+xml;charset=utf-8,%3Csvg xmlns%3D'http%3A%2F%2Fwww.w3.org%2F2000%2Fsvg' viewBox%3D'0 0 288 82'%2F%3E\" data-src=\"https:\/\/i0.wp.com\/autoktono.com\/wp-content\/uploads\/2018\/04\/artesanos-web.png?fit=288%2C82&#038;ssl=1\" width=\"288\" height=\"82\"><\/div><\/a><\/div><div class=\"ut-image-gallery-sizer\"><\/div><div class=\"clear\"><\/div><\/div><\/div>[\/vc_column][\/vc_row][vc_row][vc_column][vc_separator][\/vc_column][\/vc_row][\/vc_section][vc_row][vc_column width=\u00bb1\/2&#8243;]<div class=\"wpb_content_element \"><style type=\"text\/css\">#ut_tm_69f289ac9c2aa.bklyn-team-member-style-5 { background: #ffcc00; }#ut_tm_69f289ac9c2aa .bklyn-team-member-name { color: #ffffff; }#ut_tm_69f289ac9c2aa .bklyn-team-member-ocupation { color: #ffffff; }#ut_tm_69f289ac9c2aa .bklyn-team-member-ocupation { font-weight: normal; }#ut_tm_69f289ac9c2aa .bklyn-team-member-description { color: #ffffff; }#ut_tm_69f289ac9c2aa .bklyn-team-member-social-icons a:hover { color: rgba(255, 204, 0, 1); }#ut_tm_69f289ac9c2aa .bklyn-team-member-social-icons a:focus { color: rgba(255, 204, 0, 1); }#ut_tm_69f289ac9c2aa .bklyn-team-member-social-icons a:active { color: rgba(255, 204, 0, 1); }<\/style><div id=\"ut_tm_69f289ac9c2aa\" class=\"bklyn-team-member bklyn-team-member-style-5  bklyn-team-member-center\"><div class=\"bklyn-team-member-avatar \"><img decoding=\"async\" alt=\"carlos\" class=\"ut-lozad\" src=\"data:image\/svg+xml;charset=utf-8,%3Csvg xmlns%3D'http%3A%2F%2Fwww.w3.org%2F2000%2Fsvg' viewBox%3D'0 0 1300 867'%2F%3E\" data-src=\"https:\/\/i0.wp.com\/autoktono.com\/wp-content\/uploads\/2018\/04\/carlos.jpg?resize=1300%2C867&#038;ssl=1\"><\/div><div class=\"bklyn-team-member-style-5-content-wrap\"><div class=\"bklyn-team-member-info \"><h3 class=\"bklyn-team-member-name\">CARLOS A. CORIANO<\/h3><\/div><\/div><\/div><\/div>[\/vc_column][vc_column width=\u00bb1\/2&#8243;][vc_custom_heading text=\u00bbCARLOS A. CORIANO, Cofundador\u00bb font_container=\u00bbtag:h2|font_size:24px|text_align:left|color:%23000000&#8243; google_fonts=\u00bbfont_family:Catamaran%3A100%2C200%2C300%2Cregular%2C500%2C600%2C700%2C800%2C900|font_style:500%20bold%20regular%3A500%3Anormal\u00bb][vc_column_text]Carlos A. Coriano es un emprendedor social especializado en desarrollar e implementar estrategias de marketing integrado, competitividad y branding. Fundador de la consultora <a href=\"https:\/\/novavisionmarketing.com\/\">NovaVision Marketing<\/a>, Carlos cuenta con m\u00e1s de 25 a\u00f1os de experiencia combinada en desarrollo y administraci\u00f3n de negocio propio, educaci\u00f3n e investigaci\u00f3n, redacci\u00f3n y publicaci\u00f3n en el sector de turismo y viajes, hoteler\u00eda, gastronom\u00eda y bienestar.<\/p>\n<p>Su pasi\u00f3n por el marketing, la gastronom\u00eda y sostenibilidad se desarroll\u00f3 durante su trayectoria profesional que incluye puestos gerenciales y directivos en empresas l\u00edderes dentro de la industria de viajes y hosteler\u00eda tales como Virgin Atlantic Airways y Island Outpost \u2013 una exclusiva cadena de hoteles boutique en Jamaica y Las Bahamas creada por el fundador de Island Records, Chris Blackwell, la cual se destaca por su sostenibilidad, responsabilidad social y compromiso con ofrecer alimentos org\u00e1nicos producidos localmente.<\/p>\n<h4>LOGROS CLAVES<\/h4>\n<ul>\n<li>Moderador y Orador del <strong>Congreso Gastron\u00f3mico Sostenible Costa Rica 2023<\/strong> creado por Enjoy Hotels. El simposio fue el primero de su tipo en Costa Rica en contar con chefs con estrellas Michelin.<\/li>\n<li>Profesor Auxiliar de Marketing y desarrollador de curr\u00edculo en la <strong>Escuela de Negocios<\/strong> de la <strong>Universidad Polit\u00e9cnica de Puerto Rico<\/strong> en Orlando, FL.<\/li>\n<li>Autor de art\u00edculo para el <strong>Travel and Tourism Research Association (TTRA)<\/strong><\/li>\n<li>C0-autor de estudio para la agencia de inteligencia de mercado l\u00edder del mundo, <strong>Mintel<\/strong>.<\/li>\n<li>Escritor contribuyente de la firma de consultor\u00eda global, <strong>Thrive Global<\/strong> \u2013 una plataforma corporativa y de bienestar y productividad para el consumidor dirigida a cambiar la forma en que trabajamos y vivimos, fundada por Arianna Huffington, co-fundadora del <strong>Huffington Post<\/strong>.<\/li>\n<li>Graduado de <strong>New York University<\/strong>, con un <strong>M.S. en Integrated Marketin<\/strong>g y ganador de la prestigiosa beca <strong>Richard V. Benson Memorial<\/strong> otorgada a los estudiantes que ingresan y demuestran el mayor potencial de liderazgo en el campo del marketing directo e interactivo<\/li>\n<li>Graduado de <strong>New York University<\/strong>, con un <strong>M.S. en Tourism Management<\/strong> con especialidad en Customer Relationship Management (CRM).<\/li>\n<li>Coach Certificado en Salud y Nutrici\u00f3n Integradora a trav\u00e9s del <strong>Institute for Integrative Nutrition en Nueva York<\/strong>.<\/li>\n<\/ul>\n<p>[\/vc_column_text][\/vc_column][\/vc_row][vc_row][vc_column][vc_separator][\/vc_column][\/vc_row][vc_row][vc_column width=\u00bb1\/2&#8243;]<div class=\"wpb_content_element \"><style type=\"text\/css\">#ut_tm_69f289acdd7fc.bklyn-team-member-style-5 { background: #ffcc00; }#ut_tm_69f289acdd7fc .bklyn-team-member-name { color: #ffffff; }#ut_tm_69f289acdd7fc .bklyn-team-member-ocupation { color: #ffffff; }#ut_tm_69f289acdd7fc .bklyn-team-member-ocupation { font-weight: normal; }#ut_tm_69f289acdd7fc .bklyn-team-member-description { color: #ffffff; }#ut_tm_69f289acdd7fc .bklyn-team-member-social-icons a:hover { color: rgba(255, 204, 0, 1); }#ut_tm_69f289acdd7fc .bklyn-team-member-social-icons a:focus { color: rgba(255, 204, 0, 1); }#ut_tm_69f289acdd7fc .bklyn-team-member-social-icons a:active { color: rgba(255, 204, 0, 1); }<\/style><div id=\"ut_tm_69f289acdd7fc\" class=\"bklyn-team-member bklyn-team-member-style-5  bklyn-team-member-center\"><div class=\"bklyn-team-member-avatar \"><img decoding=\"async\" alt=\"Kenneth Final bw\" class=\"ut-lozad\" src=\"data:image\/svg+xml;charset=utf-8,%3Csvg xmlns%3D'http%3A%2F%2Fwww.w3.org%2F2000%2Fsvg' viewBox%3D'0 0 1300 867'%2F%3E\" data-src=\"https:\/\/i0.wp.com\/autoktono.com\/wp-content\/uploads\/2018\/05\/Kenneth-Final-bw.jpg?resize=1300%2C867&#038;ssl=1\"><\/div><div class=\"bklyn-team-member-style-5-content-wrap\"><div class=\"bklyn-team-member-info \"><h3 class=\"bklyn-team-member-name\">KENNETH L. KARPLUK<\/h3><\/div><\/div><\/div><\/div>[\/vc_column][vc_column width=\u00bb1\/2&#8243;][vc_custom_heading text=\u00bbKENNETH L. KARPLUK, Estratega de Ventas y Marketing\u00bb font_container=\u00bbtag:h2|font_size:24px|text_align:left|color:%23000000&#8243; google_fonts=\u00bbfont_family:Catamaran%3A100%2C200%2C300%2Cregular%2C500%2C600%2C700%2C800%2C900|font_style:500%20bold%20regular%3A500%3Anormal\u00bb][vc_column_text]Kenneth L. Karpluk es un emprendedor de ventas y mercadotecnia conocido por brindar ingresos s\u00f3lidos y sostenibles y obtener ganancias en mercados altamente competitivos. Kenneth combina sus m\u00e1s de 30 a\u00f1os de experiencia en marketing y ventas B2B con su amplia experiencia en el desarrollo de cuentas clave y gesti\u00f3n del territorio de ventas, y la adquisici\u00f3n y retenci\u00f3n de clientes mediante la penetraci\u00f3n de cuentas y la gesti\u00f3n de relaciones con los clientes.<\/p>\n<p>Kenneth ocup\u00f3 varios cargos ejecutivos de ventas y marketing en Burroughs Corporation, luego se fusion\u00f3 con Standard Register Company, un l\u00edder reconocido en servicios de administraci\u00f3n de documentos que presta servicios a m\u00e1s de la mitad de Fortune 100, 22 de las 25 instituciones de servicios financieros m\u00e1s importantes, 100 de los 150 mejores redes integradas de atenci\u00f3n m\u00e9dica (IDN, por sus siglas en ingl\u00e9s) y el 62% de los hospitales de EE. UU. Su cartera de clientes incluy\u00f3 Metropolitan Life Insurance Company, AIG Insurance Group, Hilton Hotels International, New York Hospital, Michael Weinstein Restaurant Group, Teamsters Union Local 37, Saatchi &amp; Saatchi Advertising y American Home Products.<\/p>\n<p>Kenneth fue responsable de coordinar una alianza estrat\u00e9gica de marketing con American Airlines, que asegur\u00f3 a Burroughs Corporation como el proveedor preferido de la aerol\u00ednea para todas las formas y suministros comerciales relacionados con Sabre. A trav\u00e9s de esta alianza, Kenneth introdujo todos los productos de Burroughs en todas las cuentas de Caribbean Sabre con seminarios especializados de capacitaci\u00f3n en ventas en Nueva York y San Juan, Puerto Rico. Fue\u00a0el ganador del Million $ Club &#8211; premio de reconocimiento de ventas; Legion of Honor: el 1% superior en el rendimiento de ventas nacionales durante cinco a\u00f1os, y el 100 Plus Club: el 1% superior en el rendimiento de ventas nacionales durante cuatro a\u00f1os.<\/p>\n<p>Kenneth tiene una B.A. en Administraci\u00f3n de Empresas con una concentraci\u00f3n en Mercadotecnia y Econom\u00eda de la Universidad Estatal de Nueva York en Albany. Habla con fluidez ingl\u00e9s y espa\u00f1ol, versado en ruso.[\/vc_column_text][\/vc_column][\/vc_row]<\/p>\n<\/div>","protected":false},"excerpt":{"rendered":"<p>[vc_section full_width=\u00bbstretch_row_content\u00bb content_placement=\u00bbmiddle\u00bb][vc_row full_width=\u00bbstretch_row_content\u00bb content_placement=\u00bbmiddle\u00bb][vc_column width=\u00bb1\/6&#8243;][\/vc_column][vc_column width=\u00bb2\/3&#8243; css=\u00bb.vc_custom_1589323761999{background-position: center !important;background-repeat: no-repeat !important;background-size: cover !important;}\u00bb][\/vc_column][vc_column width=\u00bb1\/6&#8243;][\/vc_column][\/vc_row][vc_row bklyn_overlay=\u00bbtrue\u00bb parallax=\u00bbcontent-moving\u00bb background_position=\u00bbcenter center\u00bb css=\u00bb.vc_custom_1589323518389{padding-top: 350px !important;padding-bottom: 350px !important;background-image: url(https:\/\/autoktono.com\/wp-content\/uploads\/2019\/02\/DL7A9792.jpg?id=4080) !important;background-position: center;background-repeat: no-repeat !important;background-size: cover !important;}\u00bb bklyn_overlay_color=\u00bbrgba(0, 0, 0, 0.64)\u00bb][vc_column][\/vc_column][\/vc_row][\/vc_section][vc_section full_width=\u00bbstretch_row_content\u00bb content_placement=\u00bbmiddle\u00bb][vc_row full_width=\u00bbstretch_row_content\u00bb content_placement=\u00bbmiddle\u00bb][vc_column width=\u00bb1\/6&#8243;][\/vc_column][vc_column width=\u00bb2\/3&#8243; css=\u00bb.vc_custom_1589323810211{background-position: center !important;background-repeat: no-repeat !important;background-size: cover !important;}\u00bb][\/vc_column][vc_column width=\u00bb1\/6&#8243;][\/vc_column][\/vc_row][vc_row bklyn_overlay=\u00bbtrue\u00bb parallax=\u00bbcontent-moving\u00bb background_position=\u00bbcenter center\u00bb css=\u00bb.vc_custom_1589323668438{padding-top: 350px [&hellip;]<\/p>\n","protected":false},"author":1,"featured_media":4083,"parent":0,"menu_order":0,"comment_status":"closed","ping_status":"closed","template":"","meta":{"footnotes":""},"class_list":["post-1587","page","type-page","status-publish","has-post-thumbnail","hentry"],"yoast_head":"<!-- This site is optimized with the Yoast SEO plugin v27.5 - https:\/\/yoast.com\/product\/yoast-seo-wordpress\/ -->\n<title>Nuestra Historia - AUT\u00d3KTONO<\/title>\n<meta name=\"description\" content=\"NACE AUT\u00d3KTONO. AUT\u00d3KTONO es la creaci\u00f3n del emprendedor social y l\u00edder en marketing hotelero Carlos Coriano y el Embajador Chef del Plan de Gastronom\u00eda Sostenible y Saludable de Costa Rica, Randy Siles.\" \/>\n<meta name=\"robots\" content=\"index, follow, max-snippet:-1, max-image-preview:large, max-video-preview:-1\" \/>\n<link rel=\"canonical\" href=\"https:\/\/autoktono.com\/es\/nuestra-historia\" \/>\n<meta property=\"og:locale\" content=\"es_ES\" \/>\n<meta property=\"og:type\" content=\"article\" \/>\n<meta property=\"og:title\" content=\"Nuestra Historia - AUT\u00d3KTONO\" \/>\n<meta property=\"og:description\" content=\"NACE AUT\u00d3KTONO. AUT\u00d3KTONO es la creaci\u00f3n del emprendedor social y l\u00edder en marketing hotelero Carlos Coriano y el Embajador Chef del Plan de Gastronom\u00eda Sostenible y Saludable de Costa Rica, Randy Siles.\" \/>\n<meta property=\"og:url\" content=\"https:\/\/autoktono.com\/es\/nuestra-historia\" \/>\n<meta property=\"og:site_name\" content=\"AUT\u00d3KTONO\" \/>\n<meta property=\"article:modified_time\" content=\"2025-12-16T21:22:06+00:00\" \/>\n<meta property=\"og:image\" content=\"https:\/\/autoktono.com\/wp-content\/uploads\/2019\/02\/DL7A9815.jpg\" \/>\n\t<meta property=\"og:image:width\" content=\"1800\" \/>\n\t<meta property=\"og:image:height\" content=\"1200\" \/>\n\t<meta property=\"og:image:type\" content=\"image\/jpeg\" \/>\n<meta name=\"twitter:card\" content=\"summary_large_image\" \/>\n<meta name=\"twitter:label1\" content=\"Tiempo de lectura\" \/>\n\t<meta name=\"twitter:data1\" content=\"8 minutos\" \/>\n<script type=\"application\/ld+json\" class=\"yoast-schema-graph\">{\"@context\":\"https:\\\/\\\/schema.org\",\"@graph\":[{\"@type\":\"WebPage\",\"@id\":\"https:\\\/\\\/autoktono.com\\\/es\\\/nuestra-historia\",\"url\":\"https:\\\/\\\/autoktono.com\\\/es\\\/nuestra-historia\",\"name\":\"Nuestra Historia - AUT\u00d3KTONO\",\"isPartOf\":{\"@id\":\"https:\\\/\\\/autoktono.com\\\/es#website\"},\"primaryImageOfPage\":{\"@id\":\"https:\\\/\\\/autoktono.com\\\/es\\\/nuestra-historia#primaryimage\"},\"image\":{\"@id\":\"https:\\\/\\\/autoktono.com\\\/es\\\/nuestra-historia#primaryimage\"},\"thumbnailUrl\":\"https:\\\/\\\/i0.wp.com\\\/autoktono.com\\\/wp-content\\\/uploads\\\/2019\\\/02\\\/DL7A9815.jpg?fit=1800%2C1200&ssl=1\",\"datePublished\":\"2018-04-17T18:46:32+00:00\",\"dateModified\":\"2025-12-16T21:22:06+00:00\",\"description\":\"NACE AUT\u00d3KTONO. AUT\u00d3KTONO es la creaci\u00f3n del emprendedor social y l\u00edder en marketing hotelero Carlos Coriano y el Embajador Chef del Plan de Gastronom\u00eda Sostenible y Saludable de Costa Rica, Randy Siles.\",\"breadcrumb\":{\"@id\":\"https:\\\/\\\/autoktono.com\\\/es\\\/nuestra-historia#breadcrumb\"},\"inLanguage\":\"es\",\"potentialAction\":[{\"@type\":\"ReadAction\",\"target\":[\"https:\\\/\\\/autoktono.com\\\/es\\\/nuestra-historia\"]}]},{\"@type\":\"ImageObject\",\"inLanguage\":\"es\",\"@id\":\"https:\\\/\\\/autoktono.com\\\/es\\\/nuestra-historia#primaryimage\",\"url\":\"https:\\\/\\\/i0.wp.com\\\/autoktono.com\\\/wp-content\\\/uploads\\\/2019\\\/02\\\/DL7A9815.jpg?fit=1800%2C1200&ssl=1\",\"contentUrl\":\"https:\\\/\\\/i0.wp.com\\\/autoktono.com\\\/wp-content\\\/uploads\\\/2019\\\/02\\\/DL7A9815.jpg?fit=1800%2C1200&ssl=1\",\"width\":1800,\"height\":1200},{\"@type\":\"BreadcrumbList\",\"@id\":\"https:\\\/\\\/autoktono.com\\\/es\\\/nuestra-historia#breadcrumb\",\"itemListElement\":[{\"@type\":\"ListItem\",\"position\":1,\"name\":\"Home\",\"item\":\"https:\\\/\\\/autoktono.com\\\/es\"},{\"@type\":\"ListItem\",\"position\":2,\"name\":\"Nuestra Historia\"}]},{\"@type\":\"WebSite\",\"@id\":\"https:\\\/\\\/autoktono.com\\\/es#website\",\"url\":\"https:\\\/\\\/autoktono.com\\\/es\",\"name\":\"AUT\u00d3KTONO\",\"description\":\"Empowering the New Generation of Coooks\",\"publisher\":{\"@id\":\"https:\\\/\\\/autoktono.com\\\/es#organization\"},\"potentialAction\":[{\"@type\":\"SearchAction\",\"target\":{\"@type\":\"EntryPoint\",\"urlTemplate\":\"https:\\\/\\\/autoktono.com\\\/es?s={search_term_string}\"},\"query-input\":{\"@type\":\"PropertyValueSpecification\",\"valueRequired\":true,\"valueName\":\"search_term_string\"}}],\"inLanguage\":\"es\"},{\"@type\":\"Organization\",\"@id\":\"https:\\\/\\\/autoktono.com\\\/es#organization\",\"name\":\"AUT\u00d3KTONO\",\"url\":\"https:\\\/\\\/autoktono.com\\\/es\",\"logo\":{\"@type\":\"ImageObject\",\"inLanguage\":\"es\",\"@id\":\"https:\\\/\\\/autoktono.com\\\/es#\\\/schema\\\/logo\\\/image\\\/\",\"url\":\"https:\\\/\\\/autoktono.com\\\/wp-content\\\/uploads\\\/2018\\\/10\\\/autoktono-final-logo.png\",\"contentUrl\":\"https:\\\/\\\/autoktono.com\\\/wp-content\\\/uploads\\\/2018\\\/10\\\/autoktono-final-logo.png\",\"width\":900,\"height\":147,\"caption\":\"AUT\u00d3KTONO\"},\"image\":{\"@id\":\"https:\\\/\\\/autoktono.com\\\/es#\\\/schema\\\/logo\\\/image\\\/\"}}]}<\/script>\n<!-- \/ Yoast SEO plugin. -->","yoast_head_json":{"title":"Nuestra Historia - AUT\u00d3KTONO","description":"NACE AUT\u00d3KTONO. AUT\u00d3KTONO es la creaci\u00f3n del emprendedor social y l\u00edder en marketing hotelero Carlos Coriano y el Embajador Chef del Plan de Gastronom\u00eda Sostenible y Saludable de Costa Rica, Randy Siles.","robots":{"index":"index","follow":"follow","max-snippet":"max-snippet:-1","max-image-preview":"max-image-preview:large","max-video-preview":"max-video-preview:-1"},"canonical":"https:\/\/autoktono.com\/es\/nuestra-historia","og_locale":"es_ES","og_type":"article","og_title":"Nuestra Historia - AUT\u00d3KTONO","og_description":"NACE AUT\u00d3KTONO. AUT\u00d3KTONO es la creaci\u00f3n del emprendedor social y l\u00edder en marketing hotelero Carlos Coriano y el Embajador Chef del Plan de Gastronom\u00eda Sostenible y Saludable de Costa Rica, Randy Siles.","og_url":"https:\/\/autoktono.com\/es\/nuestra-historia","og_site_name":"AUT\u00d3KTONO","article_modified_time":"2025-12-16T21:22:06+00:00","og_image":[{"width":1800,"height":1200,"url":"https:\/\/autoktono.com\/wp-content\/uploads\/2019\/02\/DL7A9815.jpg","type":"image\/jpeg"}],"twitter_card":"summary_large_image","twitter_misc":{"Tiempo de lectura":"8 minutos"},"schema":{"@context":"https:\/\/schema.org","@graph":[{"@type":"WebPage","@id":"https:\/\/autoktono.com\/es\/nuestra-historia","url":"https:\/\/autoktono.com\/es\/nuestra-historia","name":"Nuestra Historia - AUT\u00d3KTONO","isPartOf":{"@id":"https:\/\/autoktono.com\/es#website"},"primaryImageOfPage":{"@id":"https:\/\/autoktono.com\/es\/nuestra-historia#primaryimage"},"image":{"@id":"https:\/\/autoktono.com\/es\/nuestra-historia#primaryimage"},"thumbnailUrl":"https:\/\/i0.wp.com\/autoktono.com\/wp-content\/uploads\/2019\/02\/DL7A9815.jpg?fit=1800%2C1200&ssl=1","datePublished":"2018-04-17T18:46:32+00:00","dateModified":"2025-12-16T21:22:06+00:00","description":"NACE AUT\u00d3KTONO. AUT\u00d3KTONO es la creaci\u00f3n del emprendedor social y l\u00edder en marketing hotelero Carlos Coriano y el Embajador Chef del Plan de Gastronom\u00eda Sostenible y Saludable de Costa Rica, Randy Siles.","breadcrumb":{"@id":"https:\/\/autoktono.com\/es\/nuestra-historia#breadcrumb"},"inLanguage":"es","potentialAction":[{"@type":"ReadAction","target":["https:\/\/autoktono.com\/es\/nuestra-historia"]}]},{"@type":"ImageObject","inLanguage":"es","@id":"https:\/\/autoktono.com\/es\/nuestra-historia#primaryimage","url":"https:\/\/i0.wp.com\/autoktono.com\/wp-content\/uploads\/2019\/02\/DL7A9815.jpg?fit=1800%2C1200&ssl=1","contentUrl":"https:\/\/i0.wp.com\/autoktono.com\/wp-content\/uploads\/2019\/02\/DL7A9815.jpg?fit=1800%2C1200&ssl=1","width":1800,"height":1200},{"@type":"BreadcrumbList","@id":"https:\/\/autoktono.com\/es\/nuestra-historia#breadcrumb","itemListElement":[{"@type":"ListItem","position":1,"name":"Home","item":"https:\/\/autoktono.com\/es"},{"@type":"ListItem","position":2,"name":"Nuestra Historia"}]},{"@type":"WebSite","@id":"https:\/\/autoktono.com\/es#website","url":"https:\/\/autoktono.com\/es","name":"AUT\u00d3KTONO","description":"Empowering the New Generation of Coooks","publisher":{"@id":"https:\/\/autoktono.com\/es#organization"},"potentialAction":[{"@type":"SearchAction","target":{"@type":"EntryPoint","urlTemplate":"https:\/\/autoktono.com\/es?s={search_term_string}"},"query-input":{"@type":"PropertyValueSpecification","valueRequired":true,"valueName":"search_term_string"}}],"inLanguage":"es"},{"@type":"Organization","@id":"https:\/\/autoktono.com\/es#organization","name":"AUT\u00d3KTONO","url":"https:\/\/autoktono.com\/es","logo":{"@type":"ImageObject","inLanguage":"es","@id":"https:\/\/autoktono.com\/es#\/schema\/logo\/image\/","url":"https:\/\/autoktono.com\/wp-content\/uploads\/2018\/10\/autoktono-final-logo.png","contentUrl":"https:\/\/autoktono.com\/wp-content\/uploads\/2018\/10\/autoktono-final-logo.png","width":900,"height":147,"caption":"AUT\u00d3KTONO"},"image":{"@id":"https:\/\/autoktono.com\/es#\/schema\/logo\/image\/"}}]}},"jetpack-related-posts":[],"jetpack_sharing_enabled":true,"_links":{"self":[{"href":"https:\/\/autoktono.com\/es\/wp-json\/wp\/v2\/pages\/1587","targetHints":{"allow":["GET"]}}],"collection":[{"href":"https:\/\/autoktono.com\/es\/wp-json\/wp\/v2\/pages"}],"about":[{"href":"https:\/\/autoktono.com\/es\/wp-json\/wp\/v2\/types\/page"}],"author":[{"embeddable":true,"href":"https:\/\/autoktono.com\/es\/wp-json\/wp\/v2\/users\/1"}],"replies":[{"embeddable":true,"href":"https:\/\/autoktono.com\/es\/wp-json\/wp\/v2\/comments?post=1587"}],"version-history":[{"count":11,"href":"https:\/\/autoktono.com\/es\/wp-json\/wp\/v2\/pages\/1587\/revisions"}],"predecessor-version":[{"id":9470,"href":"https:\/\/autoktono.com\/es\/wp-json\/wp\/v2\/pages\/1587\/revisions\/9470"}],"wp:featuredmedia":[{"embeddable":true,"href":"https:\/\/autoktono.com\/es\/wp-json\/wp\/v2\/media\/4083"}],"wp:attachment":[{"href":"https:\/\/autoktono.com\/es\/wp-json\/wp\/v2\/media?parent=1587"}],"curies":[{"name":"wp","href":"https:\/\/api.w.org\/{rel}","templated":true}]}}